{"id":1737,"date":"2019-12-18T11:24:52","date_gmt":"2019-12-18T10:24:52","guid":{"rendered":"https:\/\/kortowiada.pl\/?page_id=1737"},"modified":"2022-05-20T22:19:01","modified_gmt":"2022-05-20T20:19:01","slug":"line-up","status":"publish","type":"page","link":"https:\/\/archiwum.kortowiada.pl\/2022\/line-up\/","title":{"rendered":"Line-up"},"content":{"rendered":"<p>[vc_row][vc_column][vc_single_image image=&#8221;3213&#8243; img_size=&#8221;full&#8221; alignment=&#8221;center&#8221; onclick=&#8221;zoom&#8221;][\/vc_column][\/vc_row][vc_row][vc_column]<div class=\"themeum-title  \" style=\"text-align:center;\"><h3 class=\"style-title\" style=\"padding:0 0 7px 0px;font-weight:700;font-size:24px;line-height: normal;color:#567f43;\">Main Stage UWM - 2 czerwca<\/h3><\/div><div class=\"themeum-speaker-listing \"><div class=\"col-xs-12 col-sm-6 col-md-6\"><div class=\"speaker-inner clearfix\" style=\"\"><div class=\"speaker-img\"><img class=\"img-responsive\" src=\"https:\/\/archiwum.kortowiada.pl\/2022\/wp-content\/uploads\/2022\/04\/OSTR-KWADRAT-300x300.png\" alt=\"O.S.T.R.\"><\/div><div class=\"speaker-content\" style=\"\"><a href=\"https:\/\/archiwum.kortowiada.pl\/2022\/artysci\/o-s-t-r\/\" class=\"h4\" style=\"\">O.S.T.R.<\/a><div class=\"h6\" style=\"\"><\/div>Adam O.S.T.R. Ostrowski &#8211; muzyk, producent, instrumentalista, raper. Jeden z najbardziej pracowitych i utalentowanych ...<div class=\"social-icons\"><ul class=\"social-links-4\" style=\"\"><li class=\"social-1\"><a target=\"_blank\" class=\"social-facebook\" href=\"https:\/\/www.facebook.com\/ostr.tabasko\"><i class=\"fa fa-facebook\"><\/i><\/a><\/li><li class=\"social-2\"><a target=\"_blank\" class=\"social-youtube\" href=\"https:\/\/www.youtube.com\/user\/AsfaltRecords\/featured\"><i class=\"fa fa-youtube\"><\/i><\/a><\/li><li class=\"social-3\"><a target=\"_blank\" class=\"social-instagram\" href=\"https:\/\/www.instagram.com\/adam.ostr.ostrowski\/\"><i class=\"fa fa-instagram\"><\/i><\/a><\/li><\/ul><\/div><\/div><\/div><\/div><div class=\"col-xs-12 col-sm-6 col-md-6\"><div class=\"speaker-inner clearfix\" style=\"\"><div class=\"speaker-img\"><img class=\"img-responsive\" src=\"https:\/\/archiwum.kortowiada.pl\/2022\/wp-content\/uploads\/2022\/03\/Lydka-Grubasa-KWADRAT-300x300.png\" alt=\"\u0141ydka Grubasa\"><\/div><div class=\"speaker-content\" style=\"\"><a href=\"https:\/\/archiwum.kortowiada.pl\/2022\/artysci\/lydka-grubasa\/\" class=\"h4\" style=\"\">\u0141ydka Grubasa<\/a><div class=\"h6\" style=\"\"><\/div>\u0141ydka Grubasa to zesp\u00f3\u0142, kt\u00f3ry ci\u0119\u017cko jednoznacznie zakwalifikowa\u0107. Muzycznie stanowi wypadkow\u0105 wszelkich gatunk\u00f3w rockowych, ...<div class=\"social-icons\"><ul class=\"social-links-4\" style=\"\"><li class=\"social-1\"><a target=\"_blank\" class=\"social-facebook\" href=\"https:\/\/www.facebook.com\/lydkagrubasa\"><i class=\"fa fa-facebook\"><\/i><\/a><\/li><li class=\"social-2\"><a target=\"_blank\" class=\"social-youtube\" href=\"https:\/\/www.youtube.com\/channel\/UCQNKwa6vW__pkYujtRdLHHw\"><i class=\"fa fa-youtube\"><\/i><\/a><\/li><li class=\"social-3\"><a target=\"_blank\" class=\"social-instagram\" href=\"https:\/\/www.instagram.com\/lydkagrubasa\/\"><i class=\"fa fa-instagram\"><\/i><\/a><\/li><\/ul><\/div><\/div><\/div><\/div><div class=\"col-xs-12 col-sm-6 col-md-6\"><div class=\"speaker-inner clearfix\" style=\"\"><div class=\"speaker-img\"><img class=\"img-responsive\" src=\"https:\/\/archiwum.kortowiada.pl\/2022\/wp-content\/uploads\/2022\/02\/kwiat-jabloni-KWADRAT-4-300x300.png\" alt=\"Kwiat Jab\u0142oni\"><\/div><div class=\"speaker-content\" style=\"\"><a href=\"https:\/\/archiwum.kortowiada.pl\/2022\/artysci\/kwiat-jabloni\/\" class=\"h4\" style=\"\">Kwiat Jab\u0142oni<\/a><div class=\"h6\" style=\"\"><\/div>Kwiat Jab\u0142oni to jeden z najpopularniejszych polskich zespo\u0142\u00f3w m\u0142odego pokolenia. Kasia i Jacek Sienkiewiczowie maj\u0105 na koncie ...<div class=\"social-icons\"><ul class=\"social-links-4\" style=\"\"><li class=\"social-1\"><a target=\"_blank\" class=\"social-facebook\" href=\"https:\/\/www.facebook.com\/kwiatjabloni\"><i class=\"fa fa-facebook\"><\/i><\/a><\/li><li class=\"social-2\"><a target=\"_blank\" class=\"social-youtube\" href=\"https:\/\/www.youtube.com\/channel\/UCNot4CpIYzGBIUuEiqJ4lOw\"><i class=\"fa fa-youtube\"><\/i><\/a><\/li><li class=\"social-3\"><a target=\"_blank\" class=\"social-instagram\" href=\"https:\/\/www.instagram.com\/kwiatjabloni\/\"><i class=\"fa fa-instagram\"><\/i><\/a><\/li><\/ul><\/div><\/div><\/div><\/div><div class=\"col-xs-12 col-sm-6 col-md-6\"><div class=\"speaker-inner clearfix\" style=\"\"><div class=\"speaker-img\"><img class=\"img-responsive\" src=\"https:\/\/archiwum.kortowiada.pl\/2022\/wp-content\/uploads\/2022\/01\/happysad-KWADRAT-300x300.png\" alt=\"Happysad\"><\/div><div class=\"speaker-content\" style=\"\"><a href=\"https:\/\/archiwum.kortowiada.pl\/2022\/artysci\/happysad\/\" class=\"h4\" style=\"\">Happysad<\/a><div class=\"h6\" style=\"\"><\/div>Happysad powsta\u0142 w 2001 roku w Skar\u017cysku-Kamiennej. Od lat jest jednym z najpopularniejszych polskich zespo\u0142\u00f3w, wyprzedaj\u0105cych ...<div class=\"social-icons\"><ul class=\"social-links-4\" style=\"\"><li class=\"social-1\"><a target=\"_blank\" class=\"social-facebook\" href=\"https:\/\/www.facebook.com\/happysadpl\"><i class=\"fa fa-facebook\"><\/i><\/a><\/li><li class=\"social-2\"><a target=\"_blank\" class=\"social-youtube\" href=\"https:\/\/www.youtube.com\/user\/happysadoficjal\"><i class=\"fa fa-youtube\"><\/i><\/a><\/li><li class=\"social-3\"><a target=\"_blank\" class=\"social-instagram\" href=\"https:\/\/www.instagram.com\/happysadpl\/\"><i class=\"fa fa-instagram\"><\/i><\/a><\/li><\/ul><\/div><\/div><\/div><\/div><div class=\"col-xs-12 col-sm-6 col-md-6\"><div class=\"speaker-inner clearfix\" style=\"\"><div class=\"speaker-img\"><img class=\"img-responsive\" src=\"https:\/\/archiwum.kortowiada.pl\/2022\/wp-content\/uploads\/2022\/01\/BARANOVSKI-kwadrat-1080px-300x300.png\" alt=\"Baranovski\"><\/div><div class=\"speaker-content\" style=\"\"><a href=\"https:\/\/archiwum.kortowiada.pl\/2022\/artysci\/baranovski\/\" class=\"h4\" style=\"\">Baranovski<\/a><div class=\"h6\" style=\"\"><\/div>Za projektem BARANOVSKI stoi 30-letni wokalista, muzyk, producent i songwriter Wojtek Baranowski. Znany m.in. z wyst\u0119p\u00f3w z ...<div class=\"social-icons\"><ul class=\"social-links-4\" style=\"\"><li class=\"social-1\"><a target=\"_blank\" class=\"social-facebook\" href=\"https:\/\/www.facebook.com\/baranovskimusic\"><i class=\"fa fa-facebook\"><\/i><\/a><\/li><li class=\"social-2\"><a target=\"_blank\" class=\"social-youtube\" href=\"https:\/\/www.youtube.com\/channel\/UCqSSQr-UEA_0yCc_3F-mBiQ\"><i class=\"fa fa-youtube\"><\/i><\/a><\/li><li class=\"social-3\"><a target=\"_blank\" class=\"social-instagram\" href=\"https:\/\/www.instagram.com\/sir_baranovski\/\"><i class=\"fa fa-instagram\"><\/i><\/a><\/li><\/ul><\/div><\/div><\/div><\/div><\/div>[\/vc_column][\/vc_row][vc_row][vc_column]<div class=\"themeum-title  \" style=\"text-align:center;\"><h3 class=\"style-title\" style=\"padding:0 0 7px 0px;font-weight:700;font-size:24px;line-height: normal;color:#567f43;\">Main Stage UWM - 3 czerwca<\/h3><\/div><div class=\"themeum-speaker-listing \"><div class=\"col-xs-12 col-sm-6 col-md-6\"><div class=\"speaker-inner clearfix\" style=\"\"><div class=\"speaker-img\"><img class=\"img-responsive\" src=\"https:\/\/archiwum.kortowiada.pl\/2022\/wp-content\/uploads\/2022\/03\/Zalewski-KWADRAT-300x300.png\" alt=\"Zalewski\"><\/div><div class=\"speaker-content\" style=\"\"><a href=\"https:\/\/archiwum.kortowiada.pl\/2022\/artysci\/zalewski\/\" class=\"h4\" style=\"\">Zalewski<\/a><div class=\"h6\" style=\"\"><\/div>Debiutancka\u0328 p\u0142yte\u0328 &#8211; rockowa\u0328, ostra\u0328, surowa\u0328 &#8211; wyda\u0142 zaraz po wygranej \u201eIdola\u201d w 2004 i po jakims\u0301 czasie s\u0142uch ...<div class=\"social-icons\"><ul class=\"social-links-4\" style=\"\"><li class=\"social-1\"><a target=\"_blank\" class=\"social-facebook\" href=\"https:\/\/www.facebook.com\/Zalef.Krzysztof\"><i class=\"fa fa-facebook\"><\/i><\/a><\/li><li class=\"social-2\"><a target=\"_blank\" class=\"social-youtube\" href=\"https:\/\/www.youtube.com\/channel\/UCEKf3LX2AP3RaT_MG6-ApgQ\"><i class=\"fa fa-youtube\"><\/i><\/a><\/li><li class=\"social-3\"><a target=\"_blank\" class=\"social-instagram\" href=\"https:\/\/www.instagram.com\/zalewskiofficial\/\"><i class=\"fa fa-instagram\"><\/i><\/a><\/li><\/ul><\/div><\/div><\/div><\/div><div class=\"col-xs-12 col-sm-6 col-md-6\"><div class=\"speaker-inner clearfix\" style=\"\"><div class=\"speaker-img\"><img class=\"img-responsive\" src=\"https:\/\/archiwum.kortowiada.pl\/2022\/wp-content\/uploads\/2022\/03\/SOKOL-KWADRAT-4-300x300.png\" alt=\"Sok\u00f3\u0142\"><\/div><div class=\"speaker-content\" style=\"\"><a href=\"https:\/\/archiwum.kortowiada.pl\/2022\/artysci\/sokol\/\" class=\"h4\" style=\"\">Sok\u00f3\u0142<\/a><div class=\"h6\" style=\"\"><\/div>SOK\u00d3\u0141\u00a0 Wojtek Sok\u00f3\u0142 to jeden z najpr\u0119\u017cniej dzia\u0142aj\u0105cych artyst\u00f3w na polskiej scenie rapowej, na kt\u00f3rej jest aktywny ju\u017c od 20 ...<div class=\"social-icons\"><ul class=\"social-links-4\" style=\"\"><li class=\"social-1\"><a target=\"_blank\" class=\"social-facebook\" href=\"https:\/\/www.facebook.com\/wojtek.sokol\"><i class=\"fa fa-facebook\"><\/i><\/a><\/li><li class=\"social-2\"><a target=\"_blank\" class=\"social-youtube\" href=\"https:\/\/www.youtube.com\/user\/PROSTOtv\/search\"><i class=\"fa fa-youtube\"><\/i><\/a><\/li><li class=\"social-3\"><a target=\"_blank\" class=\"social-instagram\" href=\"https:\/\/www.instagram.com\/wojteksokol\/\"><i class=\"fa fa-instagram\"><\/i><\/a><\/li><\/ul><\/div><\/div><\/div><\/div><div class=\"col-xs-12 col-sm-6 col-md-6\"><div class=\"speaker-inner clearfix\" style=\"\"><div class=\"speaker-img\"><img class=\"img-responsive\" src=\"https:\/\/archiwum.kortowiada.pl\/2022\/wp-content\/uploads\/2022\/03\/KAYAH-KWADRAT-1-300x300.png\" alt=\"Kayah\"><\/div><div class=\"speaker-content\" style=\"\"><a href=\"https:\/\/archiwum.kortowiada.pl\/2022\/artysci\/kayah\/\" class=\"h4\" style=\"\">Kayah<\/a><div class=\"h6\" style=\"\"><\/div>KAYAH Wokalistka, kompozytorka, autorka tekst\u00f3w, wsp\u00f3\u0142w\u0142a\u015bcicielka firmy fonograficznej Kayax. Jedna z najbardziej ...<div class=\"social-icons\"><ul class=\"social-links-4\" style=\"\"><li class=\"social-1\"><a target=\"_blank\" class=\"social-facebook\" href=\"https:\/\/www.facebook.com\/kayah.official\"><i class=\"fa fa-facebook\"><\/i><\/a><\/li><li class=\"social-2\"><a target=\"_blank\" class=\"social-youtube\" href=\"https:\/\/www.youtube.com\/channel\/UCekRnb3DYt6Iqlb99C1fHUQ\"><i class=\"fa fa-youtube\"><\/i><\/a><\/li><li class=\"social-3\"><a target=\"_blank\" class=\"social-instagram\" href=\"https:\/\/www.instagram.com\/kayah_official\/\"><i class=\"fa fa-instagram\"><\/i><\/a><\/li><\/ul><\/div><\/div><\/div><\/div><div class=\"col-xs-12 col-sm-6 col-md-6\"><div class=\"speaker-inner clearfix\" style=\"\"><div class=\"speaker-img\"><img class=\"img-responsive\" src=\"https:\/\/archiwum.kortowiada.pl\/2022\/wp-content\/uploads\/2022\/02\/ENEJ-KWADRAT-300x300.png\" alt=\"Enej\"><\/div><div class=\"speaker-content\" style=\"\"><a href=\"https:\/\/archiwum.kortowiada.pl\/2022\/artysci\/enej\/\" class=\"h4\" style=\"\">Enej<\/a><div class=\"h6\" style=\"\"><\/div>ENEJ to polski zesp\u00f3\u0142 rockowo-folkowy za\u0142o\u017cony w 2002 roku w Olsztynie przez braci Piotra i Paw\u0142a So\u0142oducha oraz ich ...<div class=\"social-icons\"><ul class=\"social-links-4\" style=\"\"><li class=\"social-1\"><a target=\"_blank\" class=\"social-facebook\" href=\"https:\/\/www.facebook.com\/enejband\"><i class=\"fa fa-facebook\"><\/i><\/a><\/li><li class=\"social-2\"><a target=\"_blank\" class=\"social-youtube\" href=\"https:\/\/www.youtube.com\/channel\/UC7XXjpzrcBvxmnybEX3zJAA\"><i class=\"fa fa-youtube\"><\/i><\/a><\/li><li class=\"social-3\"><a target=\"_blank\" class=\"social-instagram\" href=\"http:\/\/www.instagram.com%2Fenejoficjalny%3Ffbclid%3DIwAR12gH-cjgqpXz1b7cRvVDThQsaDPCHaTbhsUAHr46uSChUx3izZPFWFbH4&#038;h=AT18cwmd3djbHZRfe9cxdC8SOqkS97goX9gBefhxtTCO5a6YvL3CuywE1Js19vvgLe2vOB82h5n3fPAIop_-ov0oco5kdfFoyNXCeftiaqEGUmNpZ3tuFKJ9qBJe_QUMrQ\"><i class=\"fa fa-instagram\"><\/i><\/a><\/li><\/ul><\/div><\/div><\/div><\/div><div class=\"col-xs-12 col-sm-6 col-md-6\"><div class=\"speaker-inner clearfix\" style=\"\"><div class=\"speaker-img\"><img class=\"img-responsive\" src=\"https:\/\/archiwum.kortowiada.pl\/2022\/wp-content\/uploads\/2022\/01\/KASKA-SOCHACKA-KWADRAT-2-300x300.png\" alt=\"Ka\u015bka Sochacka\"><\/div><div class=\"speaker-content\" style=\"\"><a href=\"https:\/\/archiwum.kortowiada.pl\/2022\/artysci\/kaska-sochacka\/\" class=\"h4\" style=\"\">Ka\u015bka Sochacka<\/a><div class=\"h6\" style=\"\"><\/div>Ka\u015bka Sochacka to drobna blondynka z twardym kr\u0119gos\u0142upem i niskim zachrypni\u0119tym g\u0142osem. Pochodzi z Prade\u0142. Jak wi\u0119kszo\u015b\u0107 ...<div class=\"social-icons\"><ul class=\"social-links-4\" style=\"\"><li class=\"social-1\"><a target=\"_blank\" class=\"social-facebook\" href=\"https:\/\/www.facebook.com\/sochacka.kaska\/\"><i class=\"fa fa-facebook\"><\/i><\/a><\/li><li class=\"social-2\"><a target=\"_blank\" class=\"social-youtube\" href=\"https:\/\/www.youtube.com\/channel\/UCYsQgLOPCIoGiYFfcPGMgyg\"><i class=\"fa fa-youtube\"><\/i><\/a><\/li><li class=\"social-3\"><a target=\"_blank\" class=\"social-instagram\" href=\"https:\/\/www.instagram.com\/sochacka_kaska\/\"><i class=\"fa fa-instagram\"><\/i><\/a><\/li><\/ul><\/div><\/div><\/div><\/div><\/div>[\/vc_column][\/vc_row][vc_row][vc_column]<div class=\"themeum-title  \" style=\"text-align:center;\"><h3 class=\"style-title\" style=\"padding:0 0 7px 0px;font-weight:700;font-size:24px;line-height: normal;color:#567f43;\">Main Stage UWM - 4 czerwca<\/h3><\/div><div class=\"themeum-speaker-listing \"><div class=\"col-xs-12 col-sm-6 col-md-6\"><div class=\"speaker-inner clearfix\" style=\"\"><div class=\"speaker-img\"><img class=\"img-responsive\" src=\"https:\/\/archiwum.kortowiada.pl\/2022\/wp-content\/uploads\/2022\/04\/GUZIOR-KWADRAT-300x300.png\" alt=\"Guzior\"><\/div><div class=\"speaker-content\" style=\"\"><a href=\"https:\/\/archiwum.kortowiada.pl\/2022\/artysci\/guzior\/\" class=\"h4\" style=\"\">Guzior<\/a><div class=\"h6\" style=\"\"><\/div>Mateusz Bluza, znany lepiej jako Guzior, mimo swojego m\u0142odego wieku ma ju\u017c spore do\u015bwiadczenie na scenie. Zadebiutowa\u0142 w 2012 ...<div class=\"social-icons\"><ul class=\"social-links-4\" style=\"\"><li class=\"social-1\"><a target=\"_blank\" class=\"social-facebook\" href=\"https:\/\/www.facebook.com\/Guzioor\"><i class=\"fa fa-facebook\"><\/i><\/a><\/li><li class=\"social-2\"><a target=\"_blank\" class=\"social-youtube\" href=\"https:\/\/www.youtube.com\/channel\/UCx5XsRMDLsNeWuk0YvV3zHg\"><i class=\"fa fa-youtube\"><\/i><\/a><\/li><li class=\"social-3\"><a target=\"_blank\" class=\"social-instagram\" href=\"https:\/\/www.instagram.com\/guziormati\/\"><i class=\"fa fa-instagram\"><\/i><\/a><\/li><\/ul><\/div><\/div><\/div><\/div><div class=\"col-xs-12 col-sm-6 col-md-6\"><div class=\"speaker-inner clearfix\" style=\"\"><div class=\"speaker-img\"><img class=\"img-responsive\" src=\"https:\/\/archiwum.kortowiada.pl\/2022\/wp-content\/uploads\/2022\/04\/MERY-SPOLSKY-KWADRAT-300x300.png\" alt=\"Mery Spolsky\"><\/div><div class=\"speaker-content\" style=\"\"><a href=\"https:\/\/archiwum.kortowiada.pl\/2022\/artysci\/mery-spolsky\/\" class=\"h4\" style=\"\">Mery Spolsky<\/a><div class=\"h6\" style=\"\"><\/div>Mery Spolsky od kilku lat mocno zaznacza swoj\u0105 obecno\u015b\u0107 na polskiej scenie muzycznej. Performerka, piosenkarka, kompozytorka i ...<div class=\"social-icons\"><ul class=\"social-links-4\" style=\"\"><li class=\"social-1\"><a target=\"_blank\" class=\"social-facebook\" href=\"https:\/\/www.facebook.com\/meryspolsky\"><i class=\"fa fa-facebook\"><\/i><\/a><\/li><li class=\"social-2\"><a target=\"_blank\" class=\"social-youtube\" href=\"https:\/\/www.youtube.com\/channel\/UCjD1hdUz08sTIIm_HE6uwzA\"><i class=\"fa fa-youtube\"><\/i><\/a><\/li><li class=\"social-3\"><a target=\"_blank\" class=\"social-instagram\" href=\"https:\/\/www.instagram.com\/meryspolsky\/\"><i class=\"fa fa-instagram\"><\/i><\/a><\/li><\/ul><\/div><\/div><\/div><\/div><div class=\"col-xs-12 col-sm-6 col-md-6\"><div class=\"speaker-inner clearfix\" style=\"\"><div class=\"speaker-img\"><img class=\"img-responsive\" src=\"https:\/\/archiwum.kortowiada.pl\/2022\/wp-content\/uploads\/2022\/03\/PRO8L3M-KWADRAT-2-300x300.png\" alt=\"PRO8L3M\"><\/div><div class=\"speaker-content\" style=\"\"><a href=\"https:\/\/archiwum.kortowiada.pl\/2022\/artysci\/pro8l3m\/\" class=\"h4\" style=\"\">PRO8L3M<\/a><div class=\"h6\" style=\"\"><\/div>PRO8L3M to zjawisko, obok kt\u00f3rego nie spos\u00f3b przej\u015b\u0107 oboj\u0119tnie. Od momentu debiutu w 2013 roku ka\u017cde kolejne wydawnictwo ...<div class=\"social-icons\"><ul class=\"social-links-4\" style=\"\"><li class=\"social-1\"><a target=\"_blank\" class=\"social-facebook\" href=\"https:\/\/www.facebook.com\/PRO8L3M\"><i class=\"fa fa-facebook\"><\/i><\/a><\/li><li class=\"social-2\"><a target=\"_blank\" class=\"social-youtube\" href=\"https:\/\/www.youtube.com\/channel\/UCJmMwjGoRDZSZY5EXEUUu4Q\"><i class=\"fa fa-youtube\"><\/i><\/a><\/li><li class=\"social-3\"><a target=\"_blank\" class=\"social-instagram\" href=\"https:\/\/www.instagram.com\/pro8l3m\/\"><i class=\"fa fa-instagram\"><\/i><\/a><\/li><\/ul><\/div><\/div><\/div><\/div><div class=\"col-xs-12 col-sm-6 col-md-6\"><div class=\"speaker-inner clearfix\" style=\"\"><div class=\"speaker-img\"><img class=\"img-responsive\" src=\"https:\/\/archiwum.kortowiada.pl\/2022\/wp-content\/uploads\/2022\/02\/TYMEK-KWADRAT-300x300.png\" alt=\"Tymek\"><\/div><div class=\"speaker-content\" style=\"\"><a href=\"https:\/\/archiwum.kortowiada.pl\/2022\/artysci\/tymek\/\" class=\"h4\" style=\"\">Tymek<\/a><div class=\"h6\" style=\"\"><\/div>Tymek urodzi\u0142 si\u0119 w 1994 roku w Opolu, ale wychowywa\u0142 si\u0119 we W\u0142oszech. Kiedy wr\u00f3ci\u0142 do Polski, mia\u0142 17 lat. To wtedy zacz\u0105\u0142 ...<div class=\"social-icons\"><ul class=\"social-links-4\" style=\"\"><li class=\"social-1\"><a target=\"_blank\" class=\"social-facebook\" href=\"https:\/\/www.facebook.com\/JestemTymek\"><i class=\"fa fa-facebook\"><\/i><\/a><\/li><li class=\"social-2\"><a target=\"_blank\" class=\"social-youtube\" href=\"https:\/\/www.youtube.com\/channel\/UCMK8k_XqVEMGqsytc8MRRUg\"><i class=\"fa fa-youtube\"><\/i><\/a><\/li><li class=\"social-3\"><a target=\"_blank\" class=\"social-instagram\" href=\"https:\/\/www.instagram.com\/tymekjestemok\/\"><i class=\"fa fa-instagram\"><\/i><\/a><\/li><\/ul><\/div><\/div><\/div><\/div><div class=\"col-xs-12 col-sm-6 col-md-6\"><div class=\"speaker-inner clearfix\" style=\"\"><div class=\"speaker-img\"><img class=\"img-responsive\" src=\"https:\/\/archiwum.kortowiada.pl\/2022\/wp-content\/uploads\/2022\/02\/VITO-BAMBINO-KWADRAT-300x300.png\" alt=\"Vito Bambino\"><\/div><div class=\"speaker-content\" style=\"\"><a href=\"https:\/\/archiwum.kortowiada.pl\/2022\/artysci\/vito-bambino\/\" class=\"h4\" style=\"\">Vito Bambino<\/a><div class=\"h6\" style=\"\"><\/div>R\u00f3\u017cnorodno\u015b\u0107 i multikulturowo\u015b\u0107 &#8211; te s\u0142owa najlepiej okre\u015blaj\u0105 Vito Bambino. Muzyka, kt\u00f3ry od lat mieszka w niemieckim ...<div class=\"social-icons\"><ul class=\"social-links-4\" style=\"\"><li class=\"social-1\"><a target=\"_blank\" class=\"social-facebook\" href=\"https:\/\/www.facebook.com\/TheBitaminaC\"><i class=\"fa fa-facebook\"><\/i><\/a><\/li><li class=\"social-2\"><a target=\"_blank\" class=\"social-youtube\" href=\"https:\/\/www.youtube.com\/channel\/UCg2hjUgOvBAAE2mTy_0JrvA\"><i class=\"fa fa-youtube\"><\/i><\/a><\/li><li class=\"social-3\"><a target=\"_blank\" class=\"social-instagram\" href=\"https:\/\/www.instagram.com\/bitamina.vito.bambino\/?hl=pl\"><i class=\"fa fa-instagram\"><\/i><\/a><\/li><\/ul><\/div><\/div><\/div><\/div><\/div>[\/vc_column][\/vc_row]<\/p>\n","protected":false},"excerpt":{"rendered":"<p>[vc_row][vc_column][vc_single_image image=&#8221;3213&#8243; img_size=&#8221;full&#8221; alignment=&#8221;center&#8221; onclick=&#8221;zoom&#8221;][\/vc_column][\/vc_row][vc_row][vc_column][\/vc_column][\/vc_row][vc_row][vc_column][\/vc_column][\/vc_row][vc_row][vc_column][\/vc_column][\/vc_row]<\/p>\n","protected":false},"author":2,"featured_media":0,"parent":0,"menu_order":0,"comment_status":"closed","ping_status":"closed","template":"","meta":[],"yoast_head":"<!-- This site is optimized with the Yoast SEO plugin v19.6.1 - https:\/\/yoast.com\/wordpress\/plugins\/seo\/ -->\n<title>Line-up | Kortowiada - festiwal studencki, juwenalia | 1-4 czerwca 2022<\/title>\n<meta name=\"description\" content=\"Kortowiada 2022 - festiwal studencki, juwenalia, Olsztyn. Uniwersytet Warmi\u0144sko-Mazurski w Olsztynie. Kortowiada online, Kortowiada juwenalia\" \/>\n<meta name=\"robots\" content=\"index, follow, max-snippet:-1, max-image-preview:large, max-video-preview:-1\" \/>\n<link rel=\"canonical\" href=\"https:\/\/archiwum.kortowiada.pl\/2022\/line-up\/\" \/>\n<meta property=\"og:locale\" content=\"pl_PL\" \/>\n<meta property=\"og:type\" content=\"article\" \/>\n<meta property=\"og:title\" content=\"Line-up | Kortowiada - festiwal studencki, juwenalia | 1-4 czerwca 2022\" \/>\n<meta property=\"og:description\" content=\"Kortowiada 2022 - festiwal studencki, juwenalia, Olsztyn. Uniwersytet Warmi\u0144sko-Mazurski w Olsztynie. Kortowiada online, Kortowiada juwenalia\" \/>\n<meta property=\"og:url\" content=\"https:\/\/archiwum.kortowiada.pl\/2022\/line-up\/\" \/>\n<meta property=\"og:site_name\" content=\"Kortowiada - najwi\u0119kszy festiwal studencki w Polsce\" \/>\n<meta property=\"article:publisher\" content=\"https:\/\/www.facebook.com\/kortowiadafestiwal\" \/>\n<meta property=\"article:modified_time\" content=\"2022-05-20T20:19:01+00:00\" \/>\n<meta property=\"og:image\" content=\"https:\/\/archiwum.kortowiada.pl\/2022\/wp-content\/uploads\/2022\/01\/Wydarzenie-PNG.png\" \/>\n\t<meta property=\"og:image:width\" content=\"1200\" \/>\n\t<meta property=\"og:image:height\" content=\"628\" \/>\n\t<meta property=\"og:image:type\" content=\"image\/png\" \/>\n<meta name=\"twitter:card\" content=\"summary_large_image\" \/>\n<meta name=\"twitter:label1\" content=\"Szacowany czas czytania\" \/>\n\t<meta name=\"twitter:data1\" content=\"1 minuta\" \/>\n<script type=\"application\/ld+json\" class=\"yoast-schema-graph\">{\"@context\":\"https:\/\/schema.org\",\"@graph\":[{\"@type\":\"WebPage\",\"@id\":\"https:\/\/archiwum.kortowiada.pl\/2022\/line-up\/\",\"url\":\"https:\/\/archiwum.kortowiada.pl\/2022\/line-up\/\",\"name\":\"Line-up | Kortowiada - festiwal studencki, juwenalia | 1-4 czerwca 2022\",\"isPartOf\":{\"@id\":\"https:\/\/archiwum.kortowiada.pl\/2022\/#website\"},\"datePublished\":\"2019-12-18T10:24:52+00:00\",\"dateModified\":\"2022-05-20T20:19:01+00:00\",\"description\":\"Kortowiada 2022 - festiwal studencki, juwenalia, Olsztyn. Uniwersytet Warmi\u0144sko-Mazurski w Olsztynie. Kortowiada online, Kortowiada juwenalia\",\"breadcrumb\":{\"@id\":\"https:\/\/archiwum.kortowiada.pl\/2022\/line-up\/#breadcrumb\"},\"inLanguage\":\"pl-PL\",\"potentialAction\":[{\"@type\":\"ReadAction\",\"target\":[\"https:\/\/archiwum.kortowiada.pl\/2022\/line-up\/\"]}]},{\"@type\":\"BreadcrumbList\",\"@id\":\"https:\/\/archiwum.kortowiada.pl\/2022\/line-up\/#breadcrumb\",\"itemListElement\":[{\"@type\":\"ListItem\",\"position\":1,\"name\":\"Strona g\u0142\u00f3wna\",\"item\":\"https:\/\/archiwum.kortowiada.pl\/2022\/\"},{\"@type\":\"ListItem\",\"position\":2,\"name\":\"Line-up\"}]},{\"@type\":\"WebSite\",\"@id\":\"https:\/\/archiwum.kortowiada.pl\/2022\/#website\",\"url\":\"https:\/\/archiwum.kortowiada.pl\/2022\/\",\"name\":\"Kortowiada - najwi\u0119kszy festiwal studencki w Polsce\",\"description\":\"1-4 czerwca 2022, 61. edycja - juwenalia Olsztyn\",\"publisher\":{\"@id\":\"https:\/\/archiwum.kortowiada.pl\/2022\/#organization\"},\"potentialAction\":[{\"@type\":\"SearchAction\",\"target\":{\"@type\":\"EntryPoint\",\"urlTemplate\":\"https:\/\/archiwum.kortowiada.pl\/2022\/?s={search_term_string}\"},\"query-input\":\"required name=search_term_string\"}],\"inLanguage\":\"pl-PL\"},{\"@type\":\"Organization\",\"@id\":\"https:\/\/archiwum.kortowiada.pl\/2022\/#organization\",\"name\":\"Kortowiada\",\"url\":\"https:\/\/archiwum.kortowiada.pl\/2022\/\",\"sameAs\":[\"https:\/\/www.instagram.com\/kortowiada\/?hl=pl\",\"https:\/\/www.youtube.com\/channel\/UCZpuhjpJ2XlHxcbT4N2oyFQ\",\"https:\/\/www.facebook.com\/kortowiadafestiwal\"],\"logo\":{\"@type\":\"ImageObject\",\"inLanguage\":\"pl-PL\",\"@id\":\"https:\/\/archiwum.kortowiada.pl\/2022\/#\/schema\/logo\/image\/\",\"url\":\"https:\/\/kortowiada.pl\/wp-content\/uploads\/2021\/05\/favig.png\",\"contentUrl\":\"https:\/\/kortowiada.pl\/wp-content\/uploads\/2021\/05\/favig.png\",\"width\":1080,\"height\":1080,\"caption\":\"Kortowiada\"},\"image\":{\"@id\":\"https:\/\/archiwum.kortowiada.pl\/2022\/#\/schema\/logo\/image\/\"}}]}<\/script>\n<!-- \/ Yoast SEO plugin. -->","yoast_head_json":{"title":"Line-up | Kortowiada - festiwal studencki, juwenalia | 1-4 czerwca 2022","description":"Kortowiada 2022 - festiwal studencki, juwenalia, Olsztyn. Uniwersytet Warmi\u0144sko-Mazurski w Olsztynie. Kortowiada online, Kortowiada juwenalia","robots":{"index":"index","follow":"follow","max-snippet":"max-snippet:-1","max-image-preview":"max-image-preview:large","max-video-preview":"max-video-preview:-1"},"canonical":"https:\/\/archiwum.kortowiada.pl\/2022\/line-up\/","og_locale":"pl_PL","og_type":"article","og_title":"Line-up | Kortowiada - festiwal studencki, juwenalia | 1-4 czerwca 2022","og_description":"Kortowiada 2022 - festiwal studencki, juwenalia, Olsztyn. Uniwersytet Warmi\u0144sko-Mazurski w Olsztynie. Kortowiada online, Kortowiada juwenalia","og_url":"https:\/\/archiwum.kortowiada.pl\/2022\/line-up\/","og_site_name":"Kortowiada - najwi\u0119kszy festiwal studencki w Polsce","article_publisher":"https:\/\/www.facebook.com\/kortowiadafestiwal","article_modified_time":"2022-05-20T20:19:01+00:00","og_image":[{"width":1200,"height":628,"url":"https:\/\/archiwum.kortowiada.pl\/2022\/wp-content\/uploads\/2022\/01\/Wydarzenie-PNG.png","type":"image\/png"}],"twitter_card":"summary_large_image","twitter_misc":{"Szacowany czas czytania":"1 minuta"},"schema":{"@context":"https:\/\/schema.org","@graph":[{"@type":"WebPage","@id":"https:\/\/archiwum.kortowiada.pl\/2022\/line-up\/","url":"https:\/\/archiwum.kortowiada.pl\/2022\/line-up\/","name":"Line-up | Kortowiada - festiwal studencki, juwenalia | 1-4 czerwca 2022","isPartOf":{"@id":"https:\/\/archiwum.kortowiada.pl\/2022\/#website"},"datePublished":"2019-12-18T10:24:52+00:00","dateModified":"2022-05-20T20:19:01+00:00","description":"Kortowiada 2022 - festiwal studencki, juwenalia, Olsztyn. Uniwersytet Warmi\u0144sko-Mazurski w Olsztynie. Kortowiada online, Kortowiada juwenalia","breadcrumb":{"@id":"https:\/\/archiwum.kortowiada.pl\/2022\/line-up\/#breadcrumb"},"inLanguage":"pl-PL","potentialAction":[{"@type":"ReadAction","target":["https:\/\/archiwum.kortowiada.pl\/2022\/line-up\/"]}]},{"@type":"BreadcrumbList","@id":"https:\/\/archiwum.kortowiada.pl\/2022\/line-up\/#breadcrumb","itemListElement":[{"@type":"ListItem","position":1,"name":"Strona g\u0142\u00f3wna","item":"https:\/\/archiwum.kortowiada.pl\/2022\/"},{"@type":"ListItem","position":2,"name":"Line-up"}]},{"@type":"WebSite","@id":"https:\/\/archiwum.kortowiada.pl\/2022\/#website","url":"https:\/\/archiwum.kortowiada.pl\/2022\/","name":"Kortowiada - najwi\u0119kszy festiwal studencki w Polsce","description":"1-4 czerwca 2022, 61. edycja - juwenalia Olsztyn","publisher":{"@id":"https:\/\/archiwum.kortowiada.pl\/2022\/#organization"},"potentialAction":[{"@type":"SearchAction","target":{"@type":"EntryPoint","urlTemplate":"https:\/\/archiwum.kortowiada.pl\/2022\/?s={search_term_string}"},"query-input":"required name=search_term_string"}],"inLanguage":"pl-PL"},{"@type":"Organization","@id":"https:\/\/archiwum.kortowiada.pl\/2022\/#organization","name":"Kortowiada","url":"https:\/\/archiwum.kortowiada.pl\/2022\/","sameAs":["https:\/\/www.instagram.com\/kortowiada\/?hl=pl","https:\/\/www.youtube.com\/channel\/UCZpuhjpJ2XlHxcbT4N2oyFQ","https:\/\/www.facebook.com\/kortowiadafestiwal"],"logo":{"@type":"ImageObject","inLanguage":"pl-PL","@id":"https:\/\/archiwum.kortowiada.pl\/2022\/#\/schema\/logo\/image\/","url":"https:\/\/kortowiada.pl\/wp-content\/uploads\/2021\/05\/favig.png","contentUrl":"https:\/\/kortowiada.pl\/wp-content\/uploads\/2021\/05\/favig.png","width":1080,"height":1080,"caption":"Kortowiada"},"image":{"@id":"https:\/\/archiwum.kortowiada.pl\/2022\/#\/schema\/logo\/image\/"}}]}},"_links":{"self":[{"href":"https:\/\/archiwum.kortowiada.pl\/2022\/wp-json\/wp\/v2\/pages\/1737"}],"collection":[{"href":"https:\/\/archiwum.kortowiada.pl\/2022\/wp-json\/wp\/v2\/pages"}],"about":[{"href":"https:\/\/archiwum.kortowiada.pl\/2022\/wp-json\/wp\/v2\/types\/page"}],"author":[{"embeddable":true,"href":"https:\/\/archiwum.kortowiada.pl\/2022\/wp-json\/wp\/v2\/users\/2"}],"replies":[{"embeddable":true,"href":"https:\/\/archiwum.kortowiada.pl\/2022\/wp-json\/wp\/v2\/comments?post=1737"}],"version-history":[{"count":13,"href":"https:\/\/archiwum.kortowiada.pl\/2022\/wp-json\/wp\/v2\/pages\/1737\/revisions"}],"predecessor-version":[{"id":3214,"href":"https:\/\/archiwum.kortowiada.pl\/2022\/wp-json\/wp\/v2\/pages\/1737\/revisions\/3214"}],"wp:attachment":[{"href":"https:\/\/archiwum.kortowiada.pl\/2022\/wp-json\/wp\/v2\/media?parent=1737"}],"curies":[{"name":"wp","href":"https:\/\/api.w.org\/{rel}","templated":true}]}}