{"id":692,"date":"2016-09-28T09:27:49","date_gmt":"2016-09-28T09:27:49","guid":{"rendered":"https:\/\/demo.themeum.com\/wordpress\/eventum\/?page_id=692"},"modified":"2022-10-22T17:17:26","modified_gmt":"2022-10-22T15:17:26","slug":"informacje","status":"publish","type":"page","link":"https:\/\/archiwum.kortowiada.pl\/2022\/informacje\/","title":{"rendered":"FAQ"},"content":{"rendered":"<p>[vc_row css=&#8221;.vc_custom_1474972746740{padding-top: 20px !important;padding-bottom: 60px !important;}&#8221;][vc_column][vc_text_separator title=&#8221;Informacje og\u00f3lne&#8221;][vc_toggle title=&#8221;Kiedy odb\u0119dzie si\u0119 Kortowiada?&#8221; style=&#8221;round&#8221; color=&#8221;green&#8221; open=&#8221;true&#8221; css_animation=&#8221;none&#8221;]<\/p>\n<p style=\"text-align: justify;\">W tym roku Kortowiada rozpocznie si\u0119 1 czerwca i potrwa cztery dni. Koncerty na du\u017cej scenie odbywa\u0107 si\u0119 b\u0119d\u0105 w dniach 2-4 czerwca.<\/p>\n<p>[\/vc_toggle][vc_toggle title=&#8221;Kto zagra na tegorocznej Kortowiadzie?&#8221; style=&#8221;round&#8221; color=&#8221;green&#8221; css_animation=&#8221;none&#8221;]<\/p>\n<p style=\"text-align: justify;\"><span style=\"font-weight: 400;\">Karty w tej sprawie ods\u0142aniali\u015bmy stopniowo, co tydzie\u0144 informuj\u0105c o kolejnej gwie\u017adzie do\u0142\u0105czaj\u0105cej do naszego juwenaliowego sk\u0142adu. Teraz ju\u017c wszystko wiadomo!<\/span><\/p>\n<p>W czwartek (2 czerwca) w Kortowie zagraj\u0105: Baranovski, Happysad, O.S.T.R., Kwiat Jab\u0142oni i \u0141ydka Grubasa.<\/p>\n<p>W pi\u0105tek (3 czerwca) na scenie pojawi\u0105 si\u0119: Ka\u015bka Sochacka, Zalewski, Enej, Kayah i Sok\u00f3\u0142.<\/p>\n<p>W sobot\u0119 (4 czerwca) wyst\u0105pi\u0105 Vito Bambino, Guzior, Mery Spolsky, PRO8L3M i Tymek.[\/vc_toggle][vc_toggle title=&#8221;Kto mo\u017ce wzi\u0105\u0107 udzia\u0142 w imprezie?&#8221; style=&#8221;round&#8221; color=&#8221;green&#8221; css_animation=&#8221;none&#8221;]<\/p>\n<p style=\"text-align: justify;\"><span style=\"font-weight: 400;\">Uczestnikiem Kortowiady mo\u017ce by\u0107:\u00a0<\/span><\/p>\n<ol style=\"text-align: justify;\">\n<li style=\"font-weight: 400;\" aria-level=\"1\"><span style=\"font-weight: 400;\">osoba pe\u0142noletnia,\u00a0<\/span><\/li>\n<li style=\"font-weight: 400;\" aria-level=\"1\"><span style=\"font-weight: 400;\">osoba ma\u0142oletnia. W tym wypadku konieczne jest spe\u0142nienie dodatkowego warunku: przedstawiciel ustawowy lub inny upowa\u017cniony opiekun najp\u00f3\u017aniej przed wej\u015bciem na Imprez\u0119 musi wype\u0142ni\u0107 i podpisa\u0107 o\u015bwiadczenie dotycz\u0105ce uczestnictwa osoby ma\u0142oletniej w Imprezie, zobowi\u0105zuj\u0105c si\u0119 do ponoszenia pe\u0142nej odpowiedzialno\u015bci (w tym materialnej) za osob\u0119 ma\u0142oletni\u0105. Przygotowali\u015bmy specjalny wz\u00f3r takiego o\u015bwiadczenia. To za\u0142\u0105cznik nr 1 do Regulaminu Kortowiady 2022. Dzieci poni\u017cej 4 roku \u017cycia mog\u0105 wzi\u0105\u0107 udzia\u0142 w Kortowiadzie bezp\u0142atnie, ale musz\u0105 ca\u0142y czas przebywa\u0107 pod opiek\u0105 rodzica lub opiekuna prawnego.<\/span><\/li>\n<\/ol>\n<p>[\/vc_toggle][vc_toggle title=&#8221;Czy wst\u0119p na Kortowiad\u0119 jest p\u0142atny?&#8221; style=&#8221;round&#8221; color=&#8221;green&#8221; css_animation=&#8221;none&#8221;]<\/p>\n<p style=\"text-align: justify;\"><span style=\"font-weight: 400;\">Tak, \u017ceby wzi\u0105\u0107 udzia\u0142 w koncertach, kt\u00f3re odbywa\u0107 si\u0119 b\u0119d\u0105 na Main Stage, potrzebny b\u0119dzie karnet. Oddzielna op\u0142ata obowi\u0105zywa\u0107 b\u0119dzie w wypadku imprezy w namiocie Silent Party (wi\u0119cej informacji na ten temat pojawi si\u0119 wkr\u00f3tce, ale ju\u017c teraz mo\u017cemy zaznaczy\u0107, \u017ce koszulka wydzia\u0142owa z 2022 roku b\u0119dzie upowa\u017cnia\u0142a do zakupu ulgowego biletu). Bezp\u0142atnie b\u0119dzie mo\u017cna bra\u0107 udzia\u0142 w dodatkowych wydarzeniach studenckich (np. tych odbywaj\u0105cych si\u0119 na Scenie Studenckiej przy Centrum Konferencyjnym UWM).\u00a0<\/span><\/p>\n<p>Bezp\u0142atnie w Kortowiadzie mog\u0105 bra\u0107 udzia\u0142 dzieci poni\u017cej 4 roku \u017cycia.<\/p>\n<p><a href=\"https:\/\/www.ebilet.pl\/muzyka\/festiwale\/kortowiada\/\"><strong>Kup karnet na g\u0142\u00f3wne koncerty &gt;&gt;<\/strong><\/a>[\/vc_toggle][vc_toggle title=&#8221;Gdzie mog\u0119 kupi\u0107 karnet?&#8221; style=&#8221;round&#8221; color=&#8221;green&#8221; css_animation=&#8221;none&#8221;]<span style=\"font-weight: 400;\">Bilety sprzedawane s\u0105 na stronie: <\/span><a href=\"http:\/\/www.bilety.kortowiada.pl\"><span style=\"font-weight: 400;\">www.bilety.kortowiada.pl<\/span><\/a> oraz &#8211; od pocz\u0105tku maja &#8211; tak\u017ce stacjonarnie. W \u015brody, czwartki i pi\u0105tki, w godz. 9:00-15:30 czekamy na Was w\u00a0Biurze Rady Uczelnianej Samorz\u0105du Student\u00f3w UWM w DS2 (Kortowo)[\/vc_toggle][vc_toggle title=&#8221;Czy w sprzeda\u017cy s\u0105 r\u00f3\u017cne rodzaje karnet\u00f3w?&#8221; style=&#8221;round&#8221; color=&#8221;green&#8221; css_animation=&#8221;none&#8221;]<\/p>\n<p style=\"text-align: justify;\"><span style=\"font-weight: 400;\">Tak, w sprzeda\u017cy s\u0105 bilety normalne, ulgowe oraz przeznaczone dla student\u00f3w innych uczelni. Bilety ulgowe przys\u0142uguj\u0105 studentom i pracownikom UWM oraz uczniom Uniwersyteckiego XII Liceum Og\u00f3lnokszta\u0142c\u0105cego w Olsztynie.\u00a0<\/span><\/p>\n<p>[\/vc_toggle][vc_toggle title=&#8221;Komu przys\u0142uguje karnet ulgowy?&#8221; style=&#8221;round&#8221; color=&#8221;green&#8221; css_animation=&#8221;none&#8221;]<\/p>\n<p style=\"text-align: justify;\"><span style=\"font-weight: 400;\">Karnet ulgowy mog\u0105 kupi\u0107 studenci i pracownicy Uniwersytetu Warmi\u0144sko-Mazurskiego w Olsztynie. Bilety ulgowe s\u0105 przewidziane wy\u0142\u0105cznie dla os\u00f3b posiadaj\u0105cych legitymacj\u0119 studenck\u0105 lub pracownicz\u0105 wa\u017cn\u0105 podczas wymiany biletu na opask\u0119 festiwalow\u0105.<\/span><\/p>\n<p>[\/vc_toggle][vc_toggle title=&#8221;Czy bilet ulgowy przys\u0142uguje r\u00f3wnie\u017c studentom innych uczelni?&#8221; style=&#8221;round&#8221; color=&#8221;green&#8221; css_animation=&#8221;none&#8221;]<\/p>\n<p style=\"text-align: justify;\">Dla student\u00f3w innych uczelni przygotowali\u015bmy oddzieln\u0105 pul\u0119 bilet\u00f3w w specjalnych cenach. Ulgowe przys\u0142uguj\u0105 wy\u0142\u0105cznie studentom UWM.<\/p>\n<p>[\/vc_toggle][vc_toggle title=&#8221;Ile kosztuje karnet na Kortowiad\u0119 2022?&#8221; style=&#8221;round&#8221; color=&#8221;green&#8221; css_animation=&#8221;none&#8221;]<\/p>\n<p style=\"text-align: justify;\"><span style=\"font-weight: 400;\">Ceny bilet\u00f3w w przedsprzeda\u017cy: 99 z\u0142 (ulgowe) i 199 z\u0142 (normalne).<\/span><\/p>\n<p>[\/vc_toggle][vc_toggle title=&#8221;Czy mo\u017cna kupi\u0107 bilety na pojedyncze dni?&#8221; style=&#8221;round&#8221; color=&#8221;green&#8221; css_animation=&#8221;none&#8221;]<\/p>\n<p style=\"text-align: justify;\"><span style=\"font-weight: 400;\">Tak! 21 marca wprowadzili\u015bmy do sprzeda\u017cy pul\u0119 bilet\u00f3w na pojedyncze dni.<\/span><\/p>\n<p>[\/vc_toggle][vc_toggle title=&#8221;Czy osoby nieszczepione przeciwko COVID-19 mog\u0105 bra\u0107 udzia\u0142 w tegorocznej Kortowiadzie?&#8221; style=&#8221;round&#8221; color=&#8221;green&#8221; css_animation=&#8221;none&#8221;]<\/p>\n<p style=\"text-align: justify;\"><strong>Tak! <\/strong><\/p>\n<p style=\"text-align: justify;\">Zgodnie z aktualnymi przepisami, nie obowi\u0105zuj\u0105 ju\u017c \u017cadne obostrzenia z tym zwi\u0105zane.<\/p>\n<p>[\/vc_toggle][vc_toggle title=&#8221;Czy w przypadku, gdy przed festiwalem trafi\u0119 na izolacj\u0119, przys\u0142uguje mi prawo do reklamacji lub zwrotu biletu?&#8221; style=&#8221;round&#8221; color=&#8221;green&#8221; css_animation=&#8221;none&#8221;]<\/p>\n<p style=\"text-align: justify;\"><span style=\"font-weight: 400;\">Nie, w takiej sytuacji nie ma mo\u017cliwo\u015bci zwrotu biletu lub jego reklamacji.<\/span><\/p>\n<p>[\/vc_toggle][vc_toggle title=&#8221;Czy bilety s\u0105 imienne?&#8221; style=&#8221;round&#8221; color=&#8221;green&#8221; css_animation=&#8221;none&#8221;]<span style=\"font-weight: 400;\">Tak. Warto wi\u0119c pami\u0119ta\u0107, \u017ce kupuj\u0105c bilet dla innych os\u00f3b, musimy poda\u0107 ich imiona i nazwiska ju\u017c w trakcie dokonywania zakupu.<\/span>[\/vc_toggle][vc_toggle title=&#8221;Chc\u0119 zmieni\u0107 dane osobowe na bilecie. Jak to zrobi\u0107?&#8221; style=&#8221;round&#8221; color=&#8221;green&#8221; css_animation=&#8221;none&#8221;]<\/p>\n<p style=\"text-align: justify;\"><span style=\"font-weight: 400;\">Dane osobowe na zakupionym bilecie mo\u017cna zmieni\u0107 tylko raz. <\/span><span style=\"font-weight: 400;\">W celu z\u0142o\u017cenia wniosku o dokonanie zmiany nale\u017cy na stronie <\/span><a href=\"http:\/\/www.sklep.ebilet.pl\/changetickets\"><span style=\"font-weight: 400;\">www.sklep.ebilet.pl\/changetickets <\/span><\/a><span style=\"font-weight: 400;\">poda\u0107 numer biletu, imi\u0119, nazwisko, adres e-mail i numer telefonu w\u0142a\u015bciciela zam\u00f3wienia.<\/span><span style=\"font-weight: 400;\"> Z wnioskiem o zmian\u0119 mo\u017ce zwr\u00f3ci\u0107 si\u0119 tylko w\u0142a\u015bciciel rezerwacji. <\/span><span style=\"font-weight: 400;\">Zmiana danych jest mo\u017cliwa do godz. 23:59 dnia poprzedzaj\u0105cego pierwszy koncert odbywaj\u0105cy si\u0119 w ramach Imprezy. <\/span><span style=\"font-weight: 400;\">Pami\u0119taj, \u017ce taka zmiana wi\u0105\u017ce si\u0119 z op\u0142at\u0105: 30 z\u0142 za jeden bilet + koszty dostawy nowego biletu.<\/span><\/p>\n<p>[\/vc_toggle][vc_toggle title=&#8221;Mam pytanie zwi\u0105zane z p\u0142atno\u015bci\u0105 za zam\u00f3wiony karnet lub chc\u0119 dokona\u0107 zmian w bilecie. W jaki spos\u00f3b mog\u0119 si\u0119 z Wami skontaktowa\u0107?&#8221; style=&#8221;round&#8221; color=&#8221;green&#8221; css_animation=&#8221;none&#8221;]<\/p>\n<p style=\"text-align: justify;\"><span style=\"font-weight: 400;\">Bilety s\u0105 dost\u0119pne w sprzeda\u017cy internetowej, a za jej obs\u0142ug\u0119 odpowiada platforma \u201cEbilet\u201d. Przedstawiciele tego portalu b\u0119d\u0105 odpowiednimi osobami, by udzieli\u0107 wszystkich informacji na ten temat. My nie mamy mo\u017cliwo\u015bci dokonywania zmian w zakupionych biletach czy sprawdzania statusu p\u0142atno\u015bci.<\/span><\/p>\n<p>[\/vc_toggle][vc_toggle title=&#8221;Czy kto\u015b inny mo\u017ce wymieni\u0107 za mnie bilet na opask\u0119?&#8221; style=&#8221;round&#8221; color=&#8221;green&#8221; css_animation=&#8221;none&#8221;]<\/p>\n<p style=\"text-align: justify;\"><span style=\"font-weight: 400;\">Nie, to niemo\u017cliwe. Przy wymianie biletu na opask\u0119 festiwalow\u0105, trzeba okaza\u0107 dokument. Opaska jest od razu zak\u0142adana na r\u0119k\u0119 osoby wymieniaj\u0105cej wej\u015bci\u00f3wk\u0119.<\/span><\/p>\n<p>[\/vc_toggle][vc_toggle title=&#8221;Czy w momencie wchodzenia na teren festiwalu, musz\u0119 mie\u0107 przy sobie wydrukowany bilet?&#8221; style=&#8221;round&#8221; color=&#8221;green&#8221; css_animation=&#8221;none&#8221;]<span style=\"font-weight: 400;\">Nie, to nie jest konieczne. Wystarczy jego elektroniczna wersja.<\/span>[\/vc_toggle][vc_toggle title=&#8221;Kiedy i gdzie mog\u0119 wymieni\u0107 karnet na opask\u0119 festiwalow\u0105?&#8221; style=&#8221;round&#8221; color=&#8221;green&#8221; css_animation=&#8221;none&#8221;]<span style=\"font-weight: 400;\">Punkt wymiany bilet\u00f3w na opaski festiwalowe b\u0119dzie funkcjonowa\u0142 przy DS nr 2 (ul. Kanafojskiego 1, 10-722 Olsztyn). B\u0119dzie on otwarty:<\/span><\/p>\n<ul>\n<li><span style=\"font-weight: 400;\">31 maja i 1 czerwca 2022 roku od godziny 14:00 do 20:00,<\/span><\/li>\n<li><span style=\"font-weight: 400;\">2 i 3 czerwca 2022 roku od godziny 12:00 do 23:59,<\/span><\/li>\n<li><span style=\"font-weight: 400;\">4 czerwca 2022 roku od godziny 15:00 do 22:00.<\/span><\/li>\n<\/ul>\n<p>Opaska festiwalowa jest materia\u0142owa. Mo\u017cna j\u0105 bez problemu moczy\u0107.[\/vc_toggle][vc_toggle title=&#8221;Jak mog\u0119 si\u0119 skontaktowa\u0107 z innymi uczestnikami Kortowiady?&#8221; style=&#8221;round&#8221; color=&#8221;green&#8221; css_animation=&#8221;none&#8221;]<span style=\"font-weight: 400;\">Do\u0142\u0105cz do grupy na Facebooku: <\/span><a href=\"https:\/\/www.facebook.com\/groups\/2639182526127657\"><span style=\"font-weight: 400;\">Kortowiada 2022 | Info | Dyskusja | Bilety | Noclegi | Wyjazdy | Facebook<\/span><\/a>[\/vc_toggle][vc_toggle title=&#8221;Czy impreza posiada u\u0142atwienia dla os\u00f3b z niepe\u0142nosprawno\u015bciami?&#8221; style=&#8221;round&#8221; color=&#8221;green&#8221; css_animation=&#8221;none&#8221;]<\/p>\n<p style=\"text-align: justify;\"><span style=\"font-weight: 400;\">Akceptujemy i z rado\u015bci\u0105 witamy na Kortowiadzie p<\/span><span style=\"font-weight: 400;\">sy asystuj\u0105ce osobom z niepe\u0142nosprawno\u015bci\u0105 (po spe\u0142nieniu warunk\u00f3w okre\u015blonych w ustawie z dnia 27 sierpnia 1997 r. o rehabilitacji zawodowej i spo\u0142ecznej oraz zatrudnianiu os\u00f3b niepe\u0142nosprawnych (t.j. Dz. U. z 2021 r. poz. 573 z p\u00f3\u017an. zm.). Je\u015bli potrzebujesz od nas dodatkowego wsparcia &#8211; odezwij si\u0119 do nas: <\/span><a href=\"mailto:rzecznik@kortowiada.pl\"><span style=\"font-weight: 400;\">rzecznik@kortowiada.pl<\/span><\/a> <span style=\"font-weight: 400;\">i napisz, jakie masz potrzeby. Sprawdzimy, czy umiemy Ci pom\u00f3c.<\/span><\/p>\n<p>[\/vc_toggle][vc_toggle title=&#8221;Czy osoby chore (np. na cukrzyc\u0119) mog\u0105 wnie\u015b\u0107 ze sob\u0105 lekarstwa?&#8221; style=&#8221;round&#8221; color=&#8221;green&#8221; css_animation=&#8221;none&#8221;]<\/p>\n<p style=\"text-align: justify;\">Osoby, kt\u00f3rych stan zdrowia wymaga podania specjalistycznych lek\u00f3w, mog\u0105 posiada\u0107 niezb\u0119dne im lekarstwa i przybory medyczne do podania lekarstw. Warto pami\u0119ta\u0107, \u017ce b\u0119dziemy prosi\u0107 o okazanie za\u015bwiadczenia lekarskiego potwierdzaj\u0105cego konieczno\u015b\u0107 ich przyjmowania.<\/p>\n<p>[\/vc_toggle][vc_toggle title=&#8221;Czy poza koncertami na g\u0142\u00f3wnej scenie, na terenie Kortowa b\u0119d\u0105 odbywa\u0107 si\u0119 jakie\u015b inne wydarzenia?&#8221; style=&#8221;round&#8221; color=&#8221;green&#8221; css_animation=&#8221;none&#8221;]<\/p>\n<p style=\"text-align: justify;\"><span style=\"font-weight: 400;\">Oczywi\u015bcie! Planujemy dla Was wiele atrakcji. Jedn\u0105 z nich ma by\u0107 dzia\u0142anie namiotu Silent Party. O pozosta\u0142ych wydarzeniach towarzysz\u0105cych b\u0119dziemy Was informowa\u0107 na bie\u017c\u0105co.<\/span><\/p>\n<p>[\/vc_toggle][vc_toggle title=&#8221;Komu przys\u0142uguj\u0105 akredytacje prasowe na Kortowiad\u0119? W jaki spos\u00f3b mo\u017cna si\u0119 o nie ubiega\u0107?&#8221; style=&#8221;round&#8221; color=&#8221;green&#8221; css_animation=&#8221;none&#8221;]<\/p>\n<p style=\"text-align: justify;\"><span style=\"font-weight: 400;\">O akredytacj\u0119 mog\u0105 wyst\u0119powa\u0107 dziennikarze czynnie wykonuj\u0105cy zaw\u00f3d. <a href=\"https:\/\/archiwum.kortowiada.pl\/2022\/akredytacje\/\">Wnioski b\u0119dzie mo\u017cna sk\u0142ada\u0107 od 1 kwietnia<\/a>. <\/span><\/p>\n<p>[\/vc_toggle][vc_toggle title=&#8221;Gdzie mo\u017cna kupi\u0107 gad\u017cety zwi\u0105zane z Kortowiad\u0105?&#8221; style=&#8221;round&#8221; color=&#8221;green&#8221; css_animation=&#8221;none&#8221;]<\/p>\n<p style=\"text-align: justify;\"><span style=\"font-weight: 400;\">Zajrzyjcie na stron\u0119: <\/span><a href=\"https:\/\/sklep.kortowiada.pl\/\"><span style=\"font-weight: 400;\">Kortowo.store<\/span><\/a><span style=\"font-weight: 400;\">. Tam znajdziecie wiele r\u00f3\u017cnych produkt\u00f3w zwi\u0105zanych z naszym festiwalem, w tym tak\u017ce koszulki zaprojektowane z my\u015bl\u0105 o ka\u017cdym z wydzia\u0142\u00f3w UWM.<\/span><\/p>\n<p>[\/vc_toggle][vc_toggle title=&#8221;Kt\u00f3rzy DJ-e b\u0119d\u0105 gra\u0107 podczas Silent Party?&#8221; style=&#8221;round&#8221; color=&#8221;green&#8221; css_animation=&#8221;none&#8221;]<img loading=\"lazy\" class=\"alignnone size-large wp-image-3641\" src=\"https:\/\/kortowiada.pl\/wp-content\/uploads\/2022\/06\/1-czerwca-kwadrat-1024x1024.png\" alt=\"\" width=\"1024\" height=\"1024\" srcset=\"https:\/\/archiwum.kortowiada.pl\/2022\/wp-content\/uploads\/2022\/06\/1-czerwca-kwadrat-1024x1024.png 1024w, https:\/\/archiwum.kortowiada.pl\/2022\/wp-content\/uploads\/2022\/06\/1-czerwca-kwadrat-300x300.png 300w, https:\/\/archiwum.kortowiada.pl\/2022\/wp-content\/uploads\/2022\/06\/1-czerwca-kwadrat-150x150.png 150w, https:\/\/archiwum.kortowiada.pl\/2022\/wp-content\/uploads\/2022\/06\/1-czerwca-kwadrat-768x768.png 768w, https:\/\/archiwum.kortowiada.pl\/2022\/wp-content\/uploads\/2022\/06\/1-czerwca-kwadrat-458x458.png 458w, https:\/\/archiwum.kortowiada.pl\/2022\/wp-content\/uploads\/2022\/06\/1-czerwca-kwadrat.png 1080w\" sizes=\"(max-width: 1024px) 100vw, 1024px\" \/> <img loading=\"lazy\" class=\"alignnone size-large wp-image-3643\" src=\"https:\/\/kortowiada.pl\/wp-content\/uploads\/2022\/06\/2-czerwca-kwadrat-1-1024x1024.png\" alt=\"\" width=\"1024\" height=\"1024\" srcset=\"https:\/\/archiwum.kortowiada.pl\/2022\/wp-content\/uploads\/2022\/06\/2-czerwca-kwadrat-1-1024x1024.png 1024w, https:\/\/archiwum.kortowiada.pl\/2022\/wp-content\/uploads\/2022\/06\/2-czerwca-kwadrat-1-300x300.png 300w, https:\/\/archiwum.kortowiada.pl\/2022\/wp-content\/uploads\/2022\/06\/2-czerwca-kwadrat-1-150x150.png 150w, https:\/\/archiwum.kortowiada.pl\/2022\/wp-content\/uploads\/2022\/06\/2-czerwca-kwadrat-1-768x768.png 768w, https:\/\/archiwum.kortowiada.pl\/2022\/wp-content\/uploads\/2022\/06\/2-czerwca-kwadrat-1-458x458.png 458w, https:\/\/archiwum.kortowiada.pl\/2022\/wp-content\/uploads\/2022\/06\/2-czerwca-kwadrat-1.png 1080w\" sizes=\"(max-width: 1024px) 100vw, 1024px\" \/><img loading=\"lazy\" class=\"alignnone size-large wp-image-3644\" src=\"https:\/\/kortowiada.pl\/wp-content\/uploads\/2022\/06\/3-czerwca-kwadrat-1-1024x1024.png\" alt=\"\" width=\"1024\" height=\"1024\" srcset=\"https:\/\/archiwum.kortowiada.pl\/2022\/wp-content\/uploads\/2022\/06\/3-czerwca-kwadrat-1-1024x1024.png 1024w, https:\/\/archiwum.kortowiada.pl\/2022\/wp-content\/uploads\/2022\/06\/3-czerwca-kwadrat-1-300x300.png 300w, https:\/\/archiwum.kortowiada.pl\/2022\/wp-content\/uploads\/2022\/06\/3-czerwca-kwadrat-1-150x150.png 150w, https:\/\/archiwum.kortowiada.pl\/2022\/wp-content\/uploads\/2022\/06\/3-czerwca-kwadrat-1-768x768.png 768w, https:\/\/archiwum.kortowiada.pl\/2022\/wp-content\/uploads\/2022\/06\/3-czerwca-kwadrat-1-458x458.png 458w, https:\/\/archiwum.kortowiada.pl\/2022\/wp-content\/uploads\/2022\/06\/3-czerwca-kwadrat-1.png 1080w\" sizes=\"(max-width: 1024px) 100vw, 1024px\" \/><img loading=\"lazy\" class=\"alignnone size-large wp-image-3645\" src=\"https:\/\/kortowiada.pl\/wp-content\/uploads\/2022\/06\/4-czerwca-kwadrat-1-1024x1024.png\" alt=\"\" width=\"1024\" height=\"1024\" srcset=\"https:\/\/archiwum.kortowiada.pl\/2022\/wp-content\/uploads\/2022\/06\/4-czerwca-kwadrat-1-1024x1024.png 1024w, https:\/\/archiwum.kortowiada.pl\/2022\/wp-content\/uploads\/2022\/06\/4-czerwca-kwadrat-1-300x300.png 300w, https:\/\/archiwum.kortowiada.pl\/2022\/wp-content\/uploads\/2022\/06\/4-czerwca-kwadrat-1-150x150.png 150w, https:\/\/archiwum.kortowiada.pl\/2022\/wp-content\/uploads\/2022\/06\/4-czerwca-kwadrat-1-768x768.png 768w, https:\/\/archiwum.kortowiada.pl\/2022\/wp-content\/uploads\/2022\/06\/4-czerwca-kwadrat-1-458x458.png 458w, https:\/\/archiwum.kortowiada.pl\/2022\/wp-content\/uploads\/2022\/06\/4-czerwca-kwadrat-1.png 1080w\" sizes=\"(max-width: 1024px) 100vw, 1024px\" \/>[\/vc_toggle][vc_toggle title=&#8221;Czy za bilet na Silent Party mo\u017cna p\u0142aci\u0107 kart\u0105?&#8221; style=&#8221;round&#8221; color=&#8221;green&#8221; css_animation=&#8221;none&#8221;]Nie, przyjmujemy tylko got\u00f3wk\u0119.[\/vc_toggle][vc_toggle title=&#8221;Jestem przedsi\u0119biorc\u0105 i chc\u0119 nawi\u0105za\u0107 wsp\u00f3\u0142prac\u0119 z organizatorami Kortowiady. W jaki spos\u00f3b si\u0119 z nimi skontaktowa\u0107?&#8221; style=&#8221;round&#8221; color=&#8221;green&#8221; css_animation=&#8221;none&#8221;]<\/p>\n<p style=\"text-align: justify;\"><span style=\"font-weight: 400;\">Zach\u0119camy do kontaktu mailowego: <a href=\"mailto:biuro@kortowiada.pl\">biuro@kortowiada.pl<\/a><\/span><\/p>\n<p>[\/vc_toggle][vc_toggle title=&#8221;W jaki spos\u00f3b mog\u0105 zg\u0142asza\u0107 si\u0119 w\u0142a\u015bciciele punkt\u00f3w gastronomicznych, kt\u00f3rzy chc\u0105 \u015bwiadczy\u0107 swoje us\u0142ugi na terenie imprezy?&#8221; style=&#8221;round&#8221; color=&#8221;green&#8221; css_animation=&#8221;none&#8221;]<\/p>\n<p style=\"text-align: justify;\"><span style=\"font-weight: 400;\">Specjalny formularz dla wszystkich ch\u0119tnych jest dost\u0119pny <strong><a href=\"https:\/\/kortowiada.pl\/punkty-handlowe-zgloszenia\/\">na stronie internetowej Kortowiady<\/a>.<\/strong><\/span><\/p>\n<p>Pytania w tej sprawie mo\u017cna zadawa\u0107 mailowo: <strong><a href=\"mailto:stoiska@kortowiada.pl\">stoiska@kortowiada.pl<\/a><\/strong>[\/vc_toggle][vc_toggle title=&#8221;Czy swoje us\u0142ugi i ch\u0119\u0107 nawi\u0105zania wsp\u00f3\u0142pracy mog\u0105 zg\u0142asza\u0107 w\u0142a\u015bciciele stoisk, partnerzy i sponsorzy?&#8221; style=&#8221;round&#8221; color=&#8221;green&#8221; css_animation=&#8221;none&#8221;]<\/p>\n<p style=\"text-align: justify;\"><span style=\"font-weight: 400;\">Z przyjemno\u015bci\u0105 zapoznamy si\u0119 z Wasz\u0105 ofert\u0105. Od 1 marca na naszej stronie (<\/span><a href=\"http:\/\/www.kortowiada.pl\"><span style=\"font-weight: 400;\">www.kortowiada.pl<\/span><\/a><span style=\"font-weight: 400;\">) dost\u0119pny b\u0119dzie formularz.<\/span><\/p>\n<p>[\/vc_toggle][vc_toggle title=&#8221;Chcia\u0142abym\/chcia\u0142bym zagra\u0107 koncert na tegorocznej Kortowiadzie. Czy mog\u0119 si\u0119 jeszcze zg\u0142osi\u0107?&#8221; style=&#8221;round&#8221; color=&#8221;green&#8221; css_animation=&#8221;none&#8221;]<\/p>\n<p style=\"text-align: justify;\"><span style=\"font-weight: 400;\">Nie przyjmujemy ju\u017c zg\u0142osze\u0144 na ten rok: line-up zosta\u0142 zamkni\u0119ty. Prosimy o kontakt za jaki\u015b czas &#8211; przygotowania do kolejnej Kortowiady rusz\u0105 tu\u017c po zako\u0144czeniu tegorocznej!<\/span><\/p>\n<p>[\/vc_toggle][vc_toggle title=&#8221;Czy podczas Kortowiady wszystkie przystanki komunikacji miejskiej w okolicach Kortowa funkcjonuj\u0105 tak jak zwykle?&#8221; style=&#8221;round&#8221; color=&#8221;green&#8221; css_animation=&#8221;none&#8221;]<\/p>\n<p style=\"text-align: justify;\"><span style=\"font-weight: 400;\">Mamy tylko jedn\u0105 wa\u017cn\u0105 zmian\u0119: przystanek &#8220;Uniwersytet &#8211; Stadion&#8221; dla jad\u0105cych w kierunku centrum. Oznacza to wi\u0119c, \u017ce osoby opuszczaj\u0105ce Kortowiad\u0119 powinny zdecydowa\u0107 si\u0119 na odjazd z przystanku &#8220;Centrum Konferencyjne&#8221;. Warto te\u017c pami\u0119ta\u0107, \u017ce na czas olszty\u0144skich juwenali\u00f3w Zarz\u0105d Dr\u00f3g, Zieleni i Transportu w Olsztynie wprowadza dodatkowe kursy pojazd\u00f3w komunikacji miejskiej. <\/span><\/p>\n<p style=\"text-align: justify;\"><span style=\"font-weight: 400;\">Wi\u0119cej na ten temat: <\/span>https:\/\/www.zdzit.olsztyn.eu\/pl\/<\/p>\n<p>[\/vc_toggle][vc_toggle title=&#8221;Czy podczas Kortowiady b\u0119d\u0105 dodatkowe kursy autobus\u00f3w komunikacji miejskiej?&#8221; style=&#8221;round&#8221; color=&#8221;green&#8221; css_animation=&#8221;none&#8221;]<\/p>\n<p style=\"text-align: justify;\"><span style=\"font-weight: 400;\">Na czas olszty\u0144skich juwenali\u00f3w Zarz\u0105d Dr\u00f3g, Zieleni i Transportu w Olsztynie wprowadza dodatkowe kursy pojazd\u00f3w komunikacji miejskiej.<\/span><\/p>\n<p style=\"text-align: justify;\"><span style=\"font-weight: 400;\">Wi\u0119cej na ten temat: <a href=\"https:\/\/archiwum.kortowiada.pl\/2022\/dodatkowe-kursy-pojazdow-komunikacji-miejskiej-podczas-kortowiady\/\">https:\/\/kortowiada.pl\/dodatkowe-kursy-pojazdow-komunikacji-miejskiej-podczas-kortowiady\/<\/a><\/span><\/p>\n<p style=\"text-align: justify;\">oraz: <strong>https:\/\/www.zdzit.olsztyn.eu\/pl\/\u00a0<\/strong><\/p>\n<p><span style=\"font-weight: 400;\">Warto te\u017c pami\u0119ta\u0107, \u017ce zawieszone zostaje dzia\u0142anie przystanku &#8220;Uniwersytet &#8211; Stadion&#8221; dla jad\u0105cych w kierunku centrum zostaje w Oznacza to wi\u0119c, \u017ce osoby opuszczaj\u0105ce Kortowiad\u0119 powinny zdecydowa\u0107 si\u0119 na odjazd z przystanku &#8220;Centrum Konferencyjne&#8221;.\u00a0<\/span>[\/vc_toggle][vc_toggle title=&#8221;Gdzie mie\u015bci si\u0119 Biuro rzeczy znalezionych?&#8221; style=&#8221;round&#8221; color=&#8221;green&#8221; css_animation=&#8221;none&#8221;]<\/p>\n<p style=\"text-align: justify;\">Biuro rzeczy znalezionych znajduje si\u0119 w Centrum Monitoringu UWM przy ul. \u00a0Oczapowskiego 6 (pok. 2)<\/p>\n<p>[\/vc_toggle][vc_toggle title=&#8221;Gdzie znajd\u0119 mapy dotycz\u0105ce Kortowiady?&#8221; style=&#8221;round&#8221; color=&#8221;green&#8221; css_animation=&#8221;none&#8221;]<\/p>\n<p style=\"text-align: justify;\">www.mapa.kortowiada.pl<\/p>\n<p>[\/vc_toggle][vc_toggle title=&#8221;Czego nie wolno wnosi\u0107 na teren pla\u017cy kortowskiej?&#8221; style=&#8221;round&#8221; color=&#8221;green&#8221; css_animation=&#8221;none&#8221;]<\/p>\n<p style=\"text-align: justify;\"><strong>Zabrania si\u0119 wnoszenia i posiadania w trakcie Imprezy:<\/strong><\/p>\n<p style=\"text-align: justify;\">1) broni lub innych niebezpiecznych przedmiot\u00f3w,<br \/>\n2) materia\u0142\u00f3w wybuchowych,<br \/>\n3) wyrob\u00f3w pirotechnicznych,<br \/>\n4) materia\u0142\u00f3w po\u017carowo niebezpiecznych,<br \/>\n5) napoj\u00f3w alkoholowych i bezalkoholowych, chyba, \u017ce zosta\u0142y zakupione w strefach gastronomicznych na Terenie Imprezy, a ich wniesienie na Teren Imprezy jest dozwolone przez Ustaw\u0119,<br \/>\n6) \u017cywno\u015bci, chyba, \u017ce zosta\u0142a zakupiona w strefach gastronomicznych na Terenie Imprezy, a jej wniesienie na Teren Imprezy jest dozwolone przez Ustaw\u0119,<br \/>\n7) parasolek zako\u0144czonych szpikulcem,<br \/>\n8) selfie stick\u00f3w,<br \/>\n9) dron\u00f3w,<br \/>\n10) wska\u017anik\u00f3w laserowych,<br \/>\n11) \u015brodk\u00f3w odurzaj\u0105cych lub substancji psychotropowych,<br \/>\n12) profesjonalnych aparat\u00f3w fotograficznych i kamer video. Dozwolone jest wnoszenie tylko i wy\u0142\u0105cznie aparat\u00f3w w telefonach kom\u00f3rkowych (bez ograniczenia w kwestii liczby megapixeli).<\/p>\n<p>[\/vc_toggle][vc_toggle title=&#8221;Nie znalaz\u0142am\/em odpowiedzi na swoje pytanie\u2026&#8221; style=&#8221;round&#8221; color=&#8221;green&#8221; css_animation=&#8221;none&#8221;]<\/p>\n<p style=\"text-align: justify;\"><span style=\"font-weight: 400;\">Pisz do nas: <\/span><a href=\"mailto:rzecznik@kortowiada.pl\"><span style=\"font-weight: 400;\">rzecznik@kortowiada.pl<\/span><\/a><span style=\"font-weight: 400;\">, spr\u00f3bujemy rozwia\u0107 Twoje w\u0105tpliwo\u015bci.<\/span><\/p>\n<p>[\/vc_toggle][\/vc_column][\/vc_row]<\/p>\n","protected":false},"excerpt":{"rendered":"<p>[vc_row css=&#8221;.vc_custom_1474972746740{padding-top: 20px !important;padding-bottom: 60px !important;}&#8221;][vc_column][vc_text_separator title=&#8221;Informacje og\u00f3lne&#8221;][vc_toggle title=&#8221;Kiedy odb\u0119dzie si\u0119 Kortowiada?&#8221; style=&#8221;round&#8221; color=&#8221;green&#8221; open=&#8221;true&#8221; css_animation=&#8221;none&#8221;] W tym roku Kortowiada rozpocznie si\u0119 1 czerwca i potrwa cztery dni. Koncerty na du\u017cej scenie odbywa\u0107 si\u0119 b\u0119d\u0105 w dniach 2-4 czerwca. [\/vc_toggle][vc_toggle title=&#8221;Kto zagra na tegorocznej Kortowiadzie?&#8221; style=&#8221;round&#8221; color=&#8221;green&#8221; css_animation=&#8221;none&#8221;] Karty w tej sprawie ods\u0142aniali\u015bmy stopniowo, co&nbsp;<\/p>\n<p><a class=\"btn btn-style\" href=\"https:\/\/archiwum.kortowiada.pl\/2022\/informacje\/\">Czytaj wi\u0119cej<\/a><\/p>\n","protected":false},"author":2,"featured_media":0,"parent":0,"menu_order":0,"comment_status":"closed","ping_status":"closed","template":"","meta":[],"yoast_head":"<!-- This site is optimized with the Yoast SEO plugin v19.6.1 - https:\/\/yoast.com\/wordpress\/plugins\/seo\/ -->\n<title>FAQ - Kortowiada - najwi\u0119kszy festiwal studencki w Polsce<\/title>\n<meta name=\"description\" content=\"Kortowiada - najwi\u0119kszy festiwal studencki w Polsce. 4 dni zabawy, niezapomniane wydarzenia kulturalne i muzyczne w nowej ods\u0142onie. Festiwal UWM, Olsztyn\" \/>\n<meta name=\"robots\" content=\"index, follow, max-snippet:-1, max-image-preview:large, max-video-preview:-1\" \/>\n<link rel=\"canonical\" href=\"https:\/\/archiwum.kortowiada.pl\/2022\/informacje\/\" \/>\n<meta property=\"og:locale\" content=\"pl_PL\" \/>\n<meta property=\"og:type\" content=\"article\" \/>\n<meta property=\"og:title\" content=\"FAQ - Kortowiada - najwi\u0119kszy festiwal studencki w Polsce\" \/>\n<meta property=\"og:description\" content=\"Kortowiada - najwi\u0119kszy festiwal studencki w Polsce. 4 dni zabawy, niezapomniane wydarzenia kulturalne i muzyczne w nowej ods\u0142onie. Festiwal UWM, Olsztyn\" \/>\n<meta property=\"og:url\" content=\"https:\/\/archiwum.kortowiada.pl\/2022\/informacje\/\" \/>\n<meta property=\"og:site_name\" content=\"Kortowiada - najwi\u0119kszy festiwal studencki w Polsce\" \/>\n<meta property=\"article:publisher\" content=\"https:\/\/www.facebook.com\/kortowiadafestiwal\" \/>\n<meta property=\"article:modified_time\" content=\"2022-10-22T15:17:26+00:00\" \/>\n<meta property=\"og:image\" content=\"https:\/\/kortowiada.pl\/wp-content\/uploads\/2022\/06\/1-czerwca-kwadrat-1024x1024.png\" \/>\n<meta name=\"twitter:card\" content=\"summary_large_image\" \/>\n<meta name=\"twitter:label1\" content=\"Szacowany czas czytania\" \/>\n\t<meta name=\"twitter:data1\" content=\"11 minut\" \/>\n<script type=\"application\/ld+json\" class=\"yoast-schema-graph\">{\"@context\":\"https:\/\/schema.org\",\"@graph\":[{\"@type\":\"WebPage\",\"@id\":\"https:\/\/archiwum.kortowiada.pl\/2022\/informacje\/\",\"url\":\"https:\/\/archiwum.kortowiada.pl\/2022\/informacje\/\",\"name\":\"FAQ - Kortowiada - najwi\u0119kszy festiwal studencki w Polsce\",\"isPartOf\":{\"@id\":\"https:\/\/archiwum.kortowiada.pl\/2022\/#website\"},\"datePublished\":\"2016-09-28T09:27:49+00:00\",\"dateModified\":\"2022-10-22T15:17:26+00:00\",\"description\":\"Kortowiada - najwi\u0119kszy festiwal studencki w Polsce. 4 dni zabawy, niezapomniane wydarzenia kulturalne i muzyczne w nowej ods\u0142onie. Festiwal UWM, Olsztyn\",\"breadcrumb\":{\"@id\":\"https:\/\/archiwum.kortowiada.pl\/2022\/informacje\/#breadcrumb\"},\"inLanguage\":\"pl-PL\",\"potentialAction\":[{\"@type\":\"ReadAction\",\"target\":[\"https:\/\/archiwum.kortowiada.pl\/2022\/informacje\/\"]}]},{\"@type\":\"BreadcrumbList\",\"@id\":\"https:\/\/archiwum.kortowiada.pl\/2022\/informacje\/#breadcrumb\",\"itemListElement\":[{\"@type\":\"ListItem\",\"position\":1,\"name\":\"Strona g\u0142\u00f3wna\",\"item\":\"https:\/\/archiwum.kortowiada.pl\/2022\/\"},{\"@type\":\"ListItem\",\"position\":2,\"name\":\"FAQ\"}]},{\"@type\":\"WebSite\",\"@id\":\"https:\/\/archiwum.kortowiada.pl\/2022\/#website\",\"url\":\"https:\/\/archiwum.kortowiada.pl\/2022\/\",\"name\":\"Kortowiada - najwi\u0119kszy festiwal studencki w Polsce\",\"description\":\"1-4 czerwca 2022, 61. edycja - juwenalia Olsztyn\",\"publisher\":{\"@id\":\"https:\/\/archiwum.kortowiada.pl\/2022\/#organization\"},\"potentialAction\":[{\"@type\":\"SearchAction\",\"target\":{\"@type\":\"EntryPoint\",\"urlTemplate\":\"https:\/\/archiwum.kortowiada.pl\/2022\/?s={search_term_string}\"},\"query-input\":\"required name=search_term_string\"}],\"inLanguage\":\"pl-PL\"},{\"@type\":\"Organization\",\"@id\":\"https:\/\/archiwum.kortowiada.pl\/2022\/#organization\",\"name\":\"Kortowiada\",\"url\":\"https:\/\/archiwum.kortowiada.pl\/2022\/\",\"sameAs\":[\"https:\/\/www.instagram.com\/kortowiada\/?hl=pl\",\"https:\/\/www.youtube.com\/channel\/UCZpuhjpJ2XlHxcbT4N2oyFQ\",\"https:\/\/www.facebook.com\/kortowiadafestiwal\"],\"logo\":{\"@type\":\"ImageObject\",\"inLanguage\":\"pl-PL\",\"@id\":\"https:\/\/archiwum.kortowiada.pl\/2022\/#\/schema\/logo\/image\/\",\"url\":\"https:\/\/kortowiada.pl\/wp-content\/uploads\/2021\/05\/favig.png\",\"contentUrl\":\"https:\/\/kortowiada.pl\/wp-content\/uploads\/2021\/05\/favig.png\",\"width\":1080,\"height\":1080,\"caption\":\"Kortowiada\"},\"image\":{\"@id\":\"https:\/\/archiwum.kortowiada.pl\/2022\/#\/schema\/logo\/image\/\"}}]}<\/script>\n<!-- \/ Yoast SEO plugin. -->","yoast_head_json":{"title":"FAQ - Kortowiada - najwi\u0119kszy festiwal studencki w Polsce","description":"Kortowiada - najwi\u0119kszy festiwal studencki w Polsce. 4 dni zabawy, niezapomniane wydarzenia kulturalne i muzyczne w nowej ods\u0142onie. Festiwal UWM, Olsztyn","robots":{"index":"index","follow":"follow","max-snippet":"max-snippet:-1","max-image-preview":"max-image-preview:large","max-video-preview":"max-video-preview:-1"},"canonical":"https:\/\/archiwum.kortowiada.pl\/2022\/informacje\/","og_locale":"pl_PL","og_type":"article","og_title":"FAQ - Kortowiada - najwi\u0119kszy festiwal studencki w Polsce","og_description":"Kortowiada - najwi\u0119kszy festiwal studencki w Polsce. 4 dni zabawy, niezapomniane wydarzenia kulturalne i muzyczne w nowej ods\u0142onie. Festiwal UWM, Olsztyn","og_url":"https:\/\/archiwum.kortowiada.pl\/2022\/informacje\/","og_site_name":"Kortowiada - najwi\u0119kszy festiwal studencki w Polsce","article_publisher":"https:\/\/www.facebook.com\/kortowiadafestiwal","article_modified_time":"2022-10-22T15:17:26+00:00","og_image":[{"url":"https:\/\/kortowiada.pl\/wp-content\/uploads\/2022\/06\/1-czerwca-kwadrat-1024x1024.png"}],"twitter_card":"summary_large_image","twitter_misc":{"Szacowany czas czytania":"11 minut"},"schema":{"@context":"https:\/\/schema.org","@graph":[{"@type":"WebPage","@id":"https:\/\/archiwum.kortowiada.pl\/2022\/informacje\/","url":"https:\/\/archiwum.kortowiada.pl\/2022\/informacje\/","name":"FAQ - Kortowiada - najwi\u0119kszy festiwal studencki w Polsce","isPartOf":{"@id":"https:\/\/archiwum.kortowiada.pl\/2022\/#website"},"datePublished":"2016-09-28T09:27:49+00:00","dateModified":"2022-10-22T15:17:26+00:00","description":"Kortowiada - najwi\u0119kszy festiwal studencki w Polsce. 4 dni zabawy, niezapomniane wydarzenia kulturalne i muzyczne w nowej ods\u0142onie. Festiwal UWM, Olsztyn","breadcrumb":{"@id":"https:\/\/archiwum.kortowiada.pl\/2022\/informacje\/#breadcrumb"},"inLanguage":"pl-PL","potentialAction":[{"@type":"ReadAction","target":["https:\/\/archiwum.kortowiada.pl\/2022\/informacje\/"]}]},{"@type":"BreadcrumbList","@id":"https:\/\/archiwum.kortowiada.pl\/2022\/informacje\/#breadcrumb","itemListElement":[{"@type":"ListItem","position":1,"name":"Strona g\u0142\u00f3wna","item":"https:\/\/archiwum.kortowiada.pl\/2022\/"},{"@type":"ListItem","position":2,"name":"FAQ"}]},{"@type":"WebSite","@id":"https:\/\/archiwum.kortowiada.pl\/2022\/#website","url":"https:\/\/archiwum.kortowiada.pl\/2022\/","name":"Kortowiada - najwi\u0119kszy festiwal studencki w Polsce","description":"1-4 czerwca 2022, 61. edycja - juwenalia Olsztyn","publisher":{"@id":"https:\/\/archiwum.kortowiada.pl\/2022\/#organization"},"potentialAction":[{"@type":"SearchAction","target":{"@type":"EntryPoint","urlTemplate":"https:\/\/archiwum.kortowiada.pl\/2022\/?s={search_term_string}"},"query-input":"required name=search_term_string"}],"inLanguage":"pl-PL"},{"@type":"Organization","@id":"https:\/\/archiwum.kortowiada.pl\/2022\/#organization","name":"Kortowiada","url":"https:\/\/archiwum.kortowiada.pl\/2022\/","sameAs":["https:\/\/www.instagram.com\/kortowiada\/?hl=pl","https:\/\/www.youtube.com\/channel\/UCZpuhjpJ2XlHxcbT4N2oyFQ","https:\/\/www.facebook.com\/kortowiadafestiwal"],"logo":{"@type":"ImageObject","inLanguage":"pl-PL","@id":"https:\/\/archiwum.kortowiada.pl\/2022\/#\/schema\/logo\/image\/","url":"https:\/\/kortowiada.pl\/wp-content\/uploads\/2021\/05\/favig.png","contentUrl":"https:\/\/kortowiada.pl\/wp-content\/uploads\/2021\/05\/favig.png","width":1080,"height":1080,"caption":"Kortowiada"},"image":{"@id":"https:\/\/archiwum.kortowiada.pl\/2022\/#\/schema\/logo\/image\/"}}]}},"_links":{"self":[{"href":"https:\/\/archiwum.kortowiada.pl\/2022\/wp-json\/wp\/v2\/pages\/692"}],"collection":[{"href":"https:\/\/archiwum.kortowiada.pl\/2022\/wp-json\/wp\/v2\/pages"}],"about":[{"href":"https:\/\/archiwum.kortowiada.pl\/2022\/wp-json\/wp\/v2\/types\/page"}],"author":[{"embeddable":true,"href":"https:\/\/archiwum.kortowiada.pl\/2022\/wp-json\/wp\/v2\/users\/2"}],"replies":[{"embeddable":true,"href":"https:\/\/archiwum.kortowiada.pl\/2022\/wp-json\/wp\/v2\/comments?post=692"}],"version-history":[{"count":44,"href":"https:\/\/archiwum.kortowiada.pl\/2022\/wp-json\/wp\/v2\/pages\/692\/revisions"}],"predecessor-version":[{"id":5209,"href":"https:\/\/archiwum.kortowiada.pl\/2022\/wp-json\/wp\/v2\/pages\/692\/revisions\/5209"}],"wp:attachment":[{"href":"https:\/\/archiwum.kortowiada.pl\/2022\/wp-json\/wp\/v2\/media?parent=692"}],"curies":[{"name":"wp","href":"https:\/\/api.w.org\/{rel}","templated":true}]}}